{"id":79481,"date":"2022-06-13T17:56:01","date_gmt":"2022-06-13T17:56:01","guid":{"rendered":"https:\/\/cuip.wpenginepowered.com\/?page_id=79481"},"modified":"2022-06-29T11:08:37","modified_gmt":"2022-06-29T11:08:37","slug":"hands-across-chicago-jul-1-3-2022","status":"publish","type":"page","link":"https:\/\/chiunitepray.com\/es\/hands-across-chicago-jul-1-3-2022\/","title":{"rendered":"Manos en todo Chicago del 1 al 3 de julio de 2022"},"content":{"rendered":"<div class=\"wpb-content-wrapper\"><div data-parent=\"true\" class=\"vc_row row-container with-kburns with-parallax\" id=\"row-unique-0\"><div class=\"row-background background-element\">\n\t\t\t\t\t\t\t\t\t\t\t<div class=\"background-wrapper\">\n\t\t\t\t\t\t\t\t\t\t\t\t<div class=\"background-inner\" style=\"background-image: url(https:\/\/chiunitepray.com\/wp-content\/uploads\/2019\/03\/Chicago-Satelite-2.jpg);background-repeat: no-repeat;background-position: center center;background-size: cover;\"><\/div>\n\t\t\t\t\t\t\t\t\t\t\t\t<div class=\"block-bg-overlay style-color-jevc-bg\" style=\"opacity: 0.5;\"><\/div>\n\t\t\t\t\t\t\t\t\t\t\t<\/div>\n\t\t\t\t\t\t\t\t\t\t<\/div><div class=\"row double-top-padding double-bottom-padding single-h-padding limit-width row-parent\"><div class=\"wpb_row row-inner\"><div class=\"wpb_column pos-middle pos-center align_center column_parent col-lg-12 one-internal-gutter\"><div class=\"uncol style-spec style-dark\"  ><div class=\"uncoltable\"><div class=\"uncell no-block-padding\" ><div class=\"uncont\" ><div class=\"vc_custom_heading_wrap\"><div class=\"heading-text el-text\" ><h2 class=\"font-151873 h1 text-uppercase\" ><span>Manos a trav\u00e9s de Chicago<\/span><\/h2><\/div><div class=\"clear\"><\/div><\/div><div class=\"empty-space empty-quart\" ><span class=\"empty-space-inner\"><\/span><\/div>\n<div class=\"vc_custom_heading_wrap\"><div class=\"heading-text el-text\" ><h3 class=\"font-178627 h4 fontheight-161249 font-weight-700 text-color-177839-color\" ><span>Viernes, 1 de julio \u2013 Domingo, 3 de julio de 2022<\/span><\/h3><\/div><div class=\"clear\"><\/div><\/div><div class=\"empty-space empty-quart\" ><span class=\"empty-space-inner\"><\/span><\/div>\n<div class=\"vc_custom_heading_wrap\"><div class=\"heading-text el-text\" ><h2 class=\"font-178627 h6 font-weight-600\" ><span>Unidos en oraci\u00f3n y acci\u00f3n unidas por la paz en Chicago<\/span><\/h2><\/div><div class=\"clear\"><\/div><\/div><div class=\"empty-space empty-half\" ><span class=\"empty-space-inner\"><\/span><\/div>\n<div class=\"empty-space empty-half\" ><span class=\"empty-space-inner\"><\/span><\/div>\n<div class=\"vc_row row-internal row-container\" id=\"what\"><div class=\"row col-no-gutter row-child\"><div class=\"wpb_row row-inner\"><div class=\"wpb_column pos-top pos-center align_center column_child col-lg-5 half-internal-gutter\"><div class=\"uncol style-spec style-dark shift_x_double\" ><div class=\"uncoltable\"><div class=\"uncell single-block-padding style-color-jevc-bg  unradius-std\" ><div class=\"uncont\" ><div class=\"uncode-single-media  text-center\"><div class=\"single-wrapper\" style=\"max-width: 100%;\"><div class=\"tmb tmb-light  img-round img-round-std tmb-img-ratio tmb-media-first tmb-media-last tmb-content-overlay tmb-no-bg\"><div class=\"t-inside\"><div class=\"t-entry-visual\"><div class=\"t-entry-visual-tc\"><div class=\"uncode-single-media-wrapper img-round img-round-std\"><div class=\"dummy\" style=\"padding-top: 66.7%;\"><\/div><img decoding=\"async\" class=\"wp-image-79439\" src=\"https:\/\/chiunitepray.com\/wp-content\/uploads\/2022\/06\/2022-05-27-Hands-Across-Chicago-West-Pullman-283690927_2153746944801505_2373159518618683265_n-uai-2048x1365.jpeg\" width=\"2048\" height=\"1365\" alt=\"\"><\/div>\n\t\t\t\t\t<\/div>\n\t\t\t\t<\/div><\/div><\/div><\/div><\/div><div class=\"empty-space empty-half\" ><span class=\"empty-space-inner\"><\/span><\/div>\n<div class=\"vc_custom_heading_wrap\"><div class=\"heading-text el-text\" ><h2 class=\"font-178627 fontsize-155944 fontheight-161249 font-weight-700\" ><span>ORACI\u00d3N<\/span><\/h2><\/div><div class=\"clear\"><\/div><\/div><div class=\"vc_custom_heading_wrap\"><div class=\"heading-text el-text\" ><h3 class=\"font-178627 h3 fontheight-179065 font-weight-700 text-color-177839-color\" ><span>Oraci\u00f3n Unida en Lugares Estrat\u00e9gicos<\/span><\/h3><\/div><div class=\"clear\"><\/div><\/div><div class=\"vc_custom_heading_wrap\"><div class=\"heading-text el-text\" ><p class=\"font-178627 fontsize-202074 font-weight-600\" ><span>Elija un lugar estrat\u00e9gico en su comunidad (un parque, una escuela, un corredor comercial, un rinc\u00f3n de acceso p\u00fablico u otro) y organice una hora de oraci\u00f3n<\/span><\/p><\/div><div class=\"clear\"><\/div><\/div><div class=\"empty-space empty-quart\" ><span class=\"empty-space-inner\"><\/span><\/div>\n<\/div><\/div><\/div><\/div><\/div><div class=\"wpb_column pos-middle pos-center align_center column_child col-lg-2 half-internal-gutter z_index_10\"><div class=\"uncol style-light\" ><div class=\"uncoltable\"><div class=\"uncell no-block-padding\" ><div class=\"uncont\" ><div class=\"vc_custom_heading_wrap\"><div class=\"heading-text el-text\" ><h2 class=\"font-178627 fontsize-160206 font-weight-700 text-color-177839-color\" ><span>+<\/span><\/h2><\/div><div class=\"clear\"><\/div><\/div><\/div><\/div><\/div><\/div><\/div><div class=\"wpb_column pos-top pos-center align_center column_child col-lg-5 half-internal-gutter\"><div class=\"uncol style-light shift_x_neg_double\" ><div class=\"uncoltable\"><div class=\"uncell single-block-padding style-color-xsdn-bg  unradius-std\" ><div class=\"uncont\" ><div class=\"uncode-single-media  text-center\"><div class=\"single-wrapper\" style=\"max-width: 100%;\"><div class=\"tmb tmb-light  img-round img-round-std tmb-img-ratio tmb-media-first tmb-media-last tmb-content-overlay tmb-no-bg\"><div class=\"t-inside\"><div class=\"t-entry-visual\"><div class=\"t-entry-visual-tc\"><div class=\"uncode-single-media-wrapper img-round img-round-std\"><div class=\"dummy\" style=\"padding-top: 66.7%;\"><\/div><img decoding=\"async\" class=\"wp-image-79447\" src=\"https:\/\/chiunitepray.com\/wp-content\/uploads\/2022\/06\/2022-05-28-Hands-Across-Chicago-Michigan-Ave-Prayer-Walk-284675593_5512248845461539_1907004593555570646_n-uai-2048x1365.jpeg\" width=\"2048\" height=\"1365\" alt=\"\"><\/div>\n\t\t\t\t\t<\/div>\n\t\t\t\t<\/div><\/div><\/div><\/div><\/div><div class=\"empty-space empty-half\" ><span class=\"empty-space-inner\"><\/span><\/div>\n<div class=\"vc_custom_heading_wrap\"><div class=\"heading-text el-text\" ><h2 class=\"font-178627 fontsize-155944 fontheight-161249 font-weight-700\" ><span>ACCI\u00d3N<\/span><\/h2><\/div><div class=\"clear\"><\/div><\/div><div class=\"vc_custom_heading_wrap\"><div class=\"heading-text el-text\" ><h3 class=\"font-178627 h3 fontheight-179065 font-weight-700 text-color-177839-color\" ><span>Fe en acci\u00f3n en nuestras comunidades<\/span><\/h3><\/div><div class=\"clear\"><\/div><\/div><div class=\"vc_custom_heading_wrap\"><div class=\"heading-text el-text\" ><p class=\"font-178627 fontsize-202074 font-weight-600\" ><span>En ese mismo lugar, tome medidas: entregue recursos, organice una parrillada, limpie la cuadra, organice un servicio al aire libre u otro, en alg\u00fan momento durante el fin de semana.<\/span><\/p><\/div><div class=\"clear\"><\/div><\/div><div class=\"empty-space empty-quart\" ><span class=\"empty-space-inner\"><\/span><\/div>\n<\/div><\/div><\/div><\/div><\/div><\/div><\/div><\/div><\/div><\/div><\/div><\/div><\/div><script id=\"script-row-unique-0\" data-row=\"script-row-unique-0\" type=\"text\/javascript\" class=\"vc_controls\">UNCODE.initRow(document.getElementById(\"row-unique-0\"));<\/script><\/div><\/div><\/div><div data-parent=\"true\" class=\"vc_row has-bg need-focus style-color-177839-bg row-container onepage-section\" data-label=\"join-in\" data-name=\"join-in\" id=\"row-unique-1\"><div class=\"row col-half-gutter double-top-padding double-bottom-padding single-h-padding limit-width row-parent\"><div class=\"wpb_row row-inner\"><div class=\"wpb_column pos-middle pos-center align_center column_parent col-lg-12 half-internal-gutter\"><div class=\"uncol style-spec style-dark\"  ><div class=\"uncoltable\"><div class=\"uncell\" ><div class=\"uncont no-block-padding col-custom-width\" style=\" max-width:900px;\" ><div class=\"vc_custom_heading_wrap\"><div class=\"heading-text el-text\" ><h4 class=\"font-178627 h5 font-weight-700\" ><span>Te unir\u00e1s <span style=\"color: black;\">#HandsAcrossChicago<\/span> con nosotros en oraci\u00f3n y acci\u00f3n unidas en tu vecindario?<\/span><\/h4><\/div><div class=\"clear\"><\/div><\/div><div class=\"uncode_text_column\" ><p>Organice su propia iniciativa o colabore con una de las ubicaciones que ya se enumeran a continuaci\u00f3n:<\/p>\n<\/div><div class=\"empty-space empty-quart\" ><span class=\"empty-space-inner\"><\/span><\/div>\n<span class=\"btn-container btn-inline btn-inline-mobile\" ><a role=\"button\"  href=\"https:\/\/pv.togetherchicago.com\/form\/5635\" class=\"custom-link btn btn-sm border-width-0 btn-color-jevc btn-square btn-icon-left\" target=\"_blank\">Reg\u00edstrese y obtenga actualizaciones<\/a><\/span><span class=\"btn-container btn-inline\" ><a role=\"button\"  href=\"https:\/\/pv.togetherchicago.com\/form\/3152\" class=\"custom-link btn btn-sm border-width-0 btn-default btn-square btn-icon-left\" target=\"_blank\">Anfitri\u00f3n de un Lugar de Oraci\u00f3n\/Acci\u00f3n<\/a><\/span><\/div><\/div><\/div><\/div><\/div><script id=\"script-row-unique-1\" data-row=\"script-row-unique-1\" type=\"text\/javascript\" class=\"vc_controls\">UNCODE.initRow(document.getElementById(\"row-unique-1\"));<\/script><\/div><\/div><\/div><div data-parent=\"true\" class=\"vc_row row-container onepage-section\" data-label=\"where\" data-name=\"where\" id=\"row-unique-2\"><div class=\"row col-half-gutter no-top-padding no-bottom-padding no-h-padding full-width row-parent\"><div class=\"wpb_row row-inner\"><div class=\"wpb_column pos-middle pos-center align_center column_parent col-lg-6 one-internal-gutter\"><div class=\"uncol style-spec style-dark\"  ><div class=\"uncoltable\"><div class=\"uncell no-block-padding\" ><div class=\"uncont\" >\n\t<div class=\"wpb_raw_code wpb_raw_html\" >\n\t\t<div class=\"wpb_wrapper\">\n\t\t\t<iframe src=\"https:\/\/www.google.com\/maps\/d\/u\/0\/embed?mid=1M5Ohdajti2vbwoYeGwX2wIpPqCtYN60&ehbc=2E312F&z=10\" width=\"100%\" height=\"850\"><\/iframe>\n\t\t<\/div>\n\t<\/div>\n<\/div><\/div><\/div><\/div><\/div><div class=\"wpb_column pos-middle pos-center align_center column_parent col-lg-6 half-internal-gutter\"><div class=\"uncol style-light\"  ><div class=\"uncoltable\"><div class=\"uncell single-block-padding\" ><div class=\"uncont\" style=\" max-width:80%;\" ><div class=\"empty-space empty-single\" ><span class=\"empty-space-inner\"><\/span><\/div>\n<div class=\"vc_custom_heading_wrap\"><div class=\"heading-text el-text\" ><h2 class=\"font-178627 h2 fontheight-179065 font-weight-700\" ><span>LUGARES DE ORACI\u00d3N Y ACCI\u00d3N<\/span><\/h2><\/div><div class=\"clear\"><\/div><\/div><div class=\"vc_row row-internal row-container\"><div class=\"row col-half-gutter row-child\"><div class=\"wpb_row row-inner\"><div class=\"wpb_column pos-top pos-center align_center column_child col-lg-6 one-internal-gutter\"><div class=\"uncol style-light\" ><div class=\"uncoltable\"><div class=\"uncell single-block-padding  unradius-std\" ><div class=\"uncont\" ><div class=\"icon-box icon-box-top\" ><div class=\"icon-box-icon fa-container\" style=\"margin-bottom: 0px;\" ><span class=\"fa fa-stack fa-1x btn-color-155006 fa-rounded btn-disable-hover\"><i class=\"fa fa-map-marker\"><\/i><\/span><\/div><\/div><div class=\"empty-space empty-quart\" ><span class=\"empty-space-inner\"><\/span><\/div>\n<div class=\"vc_custom_heading_wrap\"><div class=\"heading-text el-text\" ><h6 class=\"font-178627 h5 font-weight-700\" ><span>Oraci\u00f3n Unida en Lugares Estrat\u00e9gicos<\/span><\/h6><\/div><div class=\"clear\"><\/div><\/div><\/div><\/div><\/div><\/div><\/div><div class=\"wpb_column pos-top pos-center align_center column_child col-lg-6 one-internal-gutter\"><div class=\"uncol style-light\" ><div class=\"uncoltable\"><div class=\"uncell single-block-padding  unradius-std\" ><div class=\"uncont\" ><div class=\"icon-box icon-box-top\" ><div class=\"icon-box-icon fa-container\" style=\"margin-bottom: 0px;\" ><span class=\"fa fa-stack fa-1x btn-color-177839 fa-rounded btn-disable-hover\"><i class=\"fa fa-map-marker\"><\/i><\/span><\/div><\/div><div class=\"empty-space empty-quart\" ><span class=\"empty-space-inner\"><\/span><\/div>\n<div class=\"vc_custom_heading_wrap\"><div class=\"heading-text el-text\" ><h6 class=\"font-178627 h5 font-weight-700\" ><span>Eventos de fe en acci\u00f3n<\/span><\/h6><\/div><div class=\"clear\"><\/div><\/div><\/div><\/div><\/div><\/div><\/div><\/div><\/div><\/div><div class=\"vc_row row-internal row-container\"><div class=\"row col-half-gutter row-child\"><div class=\"wpb_row row-inner\"><div class=\"wpb_column pos-top pos-center align_center column_child col-lg-6 one-internal-gutter\"><div class=\"uncol style-light\" ><div class=\"uncoltable\"><div class=\"uncell single-block-padding  unradius-std\" ><div class=\"uncont\" ><div class=\"icon-box icon-box-top\" ><div class=\"icon-box-icon fa-container\" style=\"margin-bottom: 0px;\" ><span class=\"fa fa-stack fa-1x btn-color-205834 fa-rounded btn-disable-hover\"><i class=\"fa fa-map-marker\"><\/i><\/span><\/div><\/div><div class=\"empty-space empty-quart\" ><span class=\"empty-space-inner\"><\/span><\/div>\n<div class=\"vc_custom_heading_wrap\"><div class=\"heading-text el-text\" ><h6 class=\"font-178627 h5 font-weight-700 text-color-jevc-color\" ><span>Caminatas de oraci\u00f3n en los distritos comerciales<\/span><\/h6><\/div><div class=\"clear\"><\/div><\/div><\/div><\/div><\/div><\/div><\/div><\/div><\/div><\/div><div class=\"empty-space empty-half\" ><span class=\"empty-space-inner\"><\/span><\/div>\n<div class=\"uncode_text_column\" ><p>Haga clic en los pines para ver los detalles. Pres\u00e9ntese para participar o comun\u00edquese con el anfitri\u00f3n del lugar para colaborar con fe en acci\u00f3n en estos lugares<\/p>\n<\/div><div class=\"empty-space empty-half\" ><span class=\"empty-space-inner\"><\/span><\/div>\n<span class=\"btn-container btn-inline\" ><a role=\"button\"  href=\"https:\/\/pv.togetherchicago.com\/form\/5635\" class=\"custom-link btn btn-sm border-width-0 btn-color-jevc btn-square btn-icon-left\" target=\"_blank\">Reg\u00edstrese y obtenga actualizaciones<\/a><\/span><span class=\"btn-container btn-inline\" ><a role=\"button\"  href=\"https:\/\/pv.togetherchicago.com\/form\/3152\" class=\"custom-link btn btn-sm border-width-0 btn-color-177839 btn-square btn-icon-left\" target=\"_blank\">Anfitri\u00f3n de un Lugar de Oraci\u00f3n\/Acci\u00f3n<\/a><\/span><div class=\"uncode_text_column text-small\" ><p><em>\u00c9l &quot;<a href=\"https:\/\/pv.togetherchicago.com\/form\/3152\" target=\"_blank\" rel=\"noopener\">Enviar eventos de oraci\u00f3n y acci\u00f3n unida<\/a>El formulario se puede utilizar durante todo el a\u00f1o. Todas las presentaciones del 1 al 3 de julio de 2022 se agregar\u00e1n al mapa de Hands Across Chicago a la izquierda<\/em><\/p>\n<\/div><div class=\"empty-space empty-single\" ><span class=\"empty-space-inner\"><\/span><\/div>\n<\/div><\/div><\/div><\/div><\/div><script id=\"script-row-unique-2\" data-row=\"script-row-unique-2\" type=\"text\/javascript\" class=\"vc_controls\">UNCODE.initRow(document.getElementById(\"row-unique-2\"));<\/script><\/div><\/div><\/div><div data-parent=\"true\" class=\"vc_row row-container with-kburns with-parallax onepage-section\" data-label=\"how\" data-name=\"how\" id=\"row-unique-3\"><div class=\"row-background background-element\">\n\t\t\t\t\t\t\t\t\t\t\t<div class=\"background-wrapper\">\n\t\t\t\t\t\t\t\t\t\t\t\t<div class=\"background-inner\" style=\"background-image: url(https:\/\/chiunitepray.com\/wp-content\/uploads\/2021\/06\/St-Titus-One.jpg);background-repeat: no-repeat;background-position: center center;background-size: cover;\"><\/div>\n\t\t\t\t\t\t\t\t\t\t\t\t<div class=\"block-bg-overlay style-color-jevc-bg\" style=\"opacity: 0.25;\"><\/div>\n\t\t\t\t\t\t\t\t\t\t\t<\/div>\n\t\t\t\t\t\t\t\t\t\t<\/div><div class=\"row col-half-gutter triple-top-padding triple-bottom-padding single-h-padding full-width row-parent\"><div class=\"wpb_row row-inner\"><div class=\"wpb_column pos-top pos-center align_center column_parent col-lg-4 half-internal-gutter\"><div class=\"uncol style-spec style-dark\"  ><div class=\"uncoltable\"><div class=\"uncell single-block-padding style-color-155006-bg has-bg  unradius-std\" ><div class=\"uncont\" ><div class=\"empty-space empty-quart\" ><span class=\"empty-space-inner\"><\/span><\/div>\n<div class=\"vc_custom_heading_wrap\"><div class=\"heading-text el-text\" ><h4 class=\"font-178627 h6 font-weight-700\" ><span><span style=\"font-weight: 400;\">C\u00d3MO ALOJAR<\/span><\/span><\/h4><\/div><div class=\"clear\"><\/div><\/div><div class=\"vc_custom_heading_wrap\"><div class=\"heading-text el-text\" ><h3 class=\"font-178627 h3 fontheight-179065 font-weight-700\" ><span>Oraci\u00f3n Unida en Lugares Estrat\u00e9gicos<\/span><\/h3><\/div><div class=\"clear\"><\/div><\/div><div class=\"vc_row row-internal row-container\" id=\"how-to-fri-prayer\"><div class=\"row row-child\"><div class=\"wpb_row row-inner\"><div class=\"wpb_column pos-top pos-center align_left column_child col-lg-12 one-internal-gutter\"><div class=\"uncol style-spec style-dark\" ><div class=\"uncoltable\"><div class=\"uncell no-block-padding  unradius-std\" ><div class=\"uncont\" ><div class=\"uncode-wrapper uncode-list\" >\n<ul class=\"icons text-small\">\n<li><i class=\"fa fa-plus\"><\/i>Reg\u00edstrese para albergar un lugar de oraci\u00f3n<\/li>\n<li><i class=\"fa fa-plus\"><\/i>Invite a personas de su iglesia\/organizaci\u00f3n y de otras iglesias\/organizaciones a unirse a usted<\/li>\n<li><i class=\"fa fa-plus\"><\/i>Llegue temprano para que pueda dar la bienvenida a otros que puedan unirse.<\/li>\n<li><i class=\"fa fa-plus\"><\/i>Venga preparado con algunos puntos de oraci\u00f3n relevantes para su comunidad<\/li>\n<li><i class=\"fa fa-plus\"><\/i>Involucrar a otros y hacerlo participativo para todos<\/li>\n<li><i class=\"fa fa-plus\"><\/i>Concluir con la Oraci\u00f3n Com\u00fan HAC 2021<\/li>\n<\/ul>\n<\/div><\/div><\/div><\/div><\/div><\/div><\/div><\/div><\/div><div class=\"vc_row row-internal row-container\" id=\"how-to-fri-prayer\"><div class=\"row row-child\"><div class=\"wpb_row row-inner\"><div class=\"wpb_column pos-top pos-center align_center column_child col-lg-12 one-internal-gutter\"><div class=\"uncol style-spec style-dark\" ><div class=\"uncoltable\"><div class=\"uncell no-block-padding  unradius-std\" ><div class=\"uncont\" ><span class=\"btn-container\" ><a role=\"button\"  href=\"https:\/\/chiunitepray.com\/wp-content\/uploads\/2021\/05\/Hands-Across-Chicago-Common-Prayer-2021-English-and-Spanish.pdf\" class=\"custom-link btn btn-sm border-width-0 btn-default btn-icon-left\" target=\"_blank\">Oraci\u00f3n com\u00fan HAC<\/a><\/span><\/div><\/div><\/div><\/div><\/div><\/div><\/div><\/div><div class=\"empty-space empty-quart\" ><span class=\"empty-space-inner\"><\/span><\/div>\n<\/div><\/div><\/div><\/div><\/div><div class=\"wpb_column pos-top pos-center align_center column_parent col-lg-4 half-internal-gutter\"><div class=\"uncol style-spec style-dark\"  ><div class=\"uncoltable\"><div class=\"uncell single-block-padding style-color-177839-bg has-bg  unradius-std\" ><div class=\"uncont\" ><div class=\"empty-space empty-quart\" ><span class=\"empty-space-inner\"><\/span><\/div>\n<div class=\"vc_custom_heading_wrap\"><div class=\"heading-text el-text\" ><h4 class=\"font-178627 h6 font-weight-700\" ><span><span style=\"font-weight: 400;\">C\u00d3MO ALOJAR<\/span><\/span><\/h4><\/div><div class=\"clear\"><\/div><\/div><div class=\"vc_custom_heading_wrap\"><div class=\"heading-text el-text\" ><p class=\"font-178627 h3 fontheight-179065 font-weight-700\" ><span>Eventos de fe en acci\u00f3n<\/span><\/p><\/div><div class=\"clear\"><\/div><\/div><div class=\"vc_row row-internal row-container\" id=\"how-to-faith-in-action\"><div class=\"row row-child\"><div class=\"wpb_row row-inner\"><div class=\"wpb_column pos-top pos-center align_left column_child col-lg-12 half-internal-gutter\"><div class=\"uncol style-spec style-dark\" ><div class=\"uncoltable\"><div class=\"uncell no-block-padding  unradius-std\" ><div class=\"uncont\" ><div class=\"uncode-wrapper uncode-list\" >\n<ul class=\"icons text-small\">\n<li><i class=\"fa fa-plus\"><\/i>Dirija una caminata de oraci\u00f3n comunitaria y det\u00e9ngase para hablar con los vecinos.<\/li>\n<li><i class=\"fa fa-plus\"><\/i>Limpia el bloque o el \u00e1rea a tu alrededor<\/li>\n<li><i class=\"fa fa-plus\"><\/i>Controle a los residentes mayores y ay\u00fadelos con sus necesidades.<\/li>\n<li><i class=\"fa fa-plus\"><\/i>Planifique una barbacoa y comparta una comida con otros<\/li>\n<li><i class=\"fa fa-plus\"><\/i>Repartir recursos o EPI<\/li>\n<li><i class=\"fa fa-plus\"><\/i>Organice un servicio religioso al aire libre<\/li>\n<\/ul>\n<\/div><\/div><\/div><\/div><\/div><\/div><\/div><\/div><\/div><div class=\"empty-space empty-quart\" ><span class=\"empty-space-inner\"><\/span><\/div>\n<\/div><\/div><\/div><\/div><\/div><div class=\"wpb_column pos-top pos-center align_center column_parent col-lg-4 half-internal-gutter\"><div class=\"uncol style-spec style-dark\"  ><div class=\"uncoltable\"><div class=\"uncell single-block-padding style-color-205834-bg has-bg  unradius-std\" ><div class=\"uncont\" ><div class=\"empty-space empty-quart\" ><span class=\"empty-space-inner\"><\/span><\/div>\n<div class=\"vc_custom_heading_wrap\"><div class=\"heading-text el-text\" ><h4 class=\"font-178627 h6 font-weight-700\" ><span><span style=\"font-weight: 400;\">C\u00d3MO ALOJAR<\/span><\/span><\/h4><\/div><div class=\"clear\"><\/div><\/div><div class=\"vc_custom_heading_wrap\"><div class=\"heading-text el-text\" ><p class=\"font-178627 h3 fontheight-179065 font-weight-700\" ><span>Caminatas de oraci\u00f3n en los distritos comerciales<\/span><\/p><\/div><div class=\"clear\"><\/div><\/div><div class=\"uncode-single-media  text-left\"><div class=\"single-wrapper\" style=\"max-width: 100%;\"><div class=\"tmb tmb-light  tmb-media-first tmb-media-last tmb-content-overlay tmb-no-bg\"><div class=\"t-inside\"><div class=\"t-entry-visual\"><div class=\"t-entry-visual-tc\"><div class=\"uncode-single-media-wrapper\"><img decoding=\"async\" class=\"wp-image-79117\" src=\"https:\/\/chiunitepray.com\/wp-content\/uploads\/2021\/05\/Support-the-Surge-Business-Prayer-walks-v2.jpeg\" width=\"1200\" height=\"800\" alt=\"\" srcset=\"https:\/\/chiunitepray.com\/wp-content\/uploads\/2021\/05\/Support-the-Surge-Business-Prayer-walks-v2.jpeg 1200w, https:\/\/chiunitepray.com\/wp-content\/uploads\/2021\/05\/Support-the-Surge-Business-Prayer-walks-v2-300x200.jpeg 300w, https:\/\/chiunitepray.com\/wp-content\/uploads\/2021\/05\/Support-the-Surge-Business-Prayer-walks-v2-1024x683.jpeg 1024w, https:\/\/chiunitepray.com\/wp-content\/uploads\/2021\/05\/Support-the-Surge-Business-Prayer-walks-v2-768x512.jpeg 768w\" sizes=\"(max-width: 1200px) 100vw, 1200px\" \/><\/div>\n\t\t\t\t\t<\/div>\n\t\t\t\t<\/div><\/div><\/div><\/div><\/div><div class=\"vc_row row-internal row-container\" id=\"how-to-sat-prayer\"><div class=\"row row-child\"><div class=\"wpb_row row-inner\"><div class=\"wpb_column pos-top pos-center align_left column_child col-lg-12 one-internal-gutter\"><div class=\"uncol style-spec style-dark\" ><div class=\"uncoltable\"><div class=\"uncell no-block-padding  unradius-std\" ><div class=\"uncont\" ><div class=\"uncode-wrapper uncode-list\" >\n<ul class=\"icons text-small\">\n<li><i class=\"fa fa-plus\"><\/i>Reg\u00edstrese para organizar una caminata de oraci\u00f3n en un corredor del distrito comercial<\/li>\n<li><i class=\"fa fa-plus\"><\/i>Invite a otras partes interesadas de la comunidad a unirse a usted<\/li>\n<li><i class=\"fa fa-plus\"><\/i>Planifique un punto de partida claro y una ruta a pie, paradas en el camino<\/li>\n<li><i class=\"fa fa-plus\"><\/i>Venga preparado utilizando las pautas en el documento de visi\u00f3n APOYE EL SURGE Paseos de oraci\u00f3n empresarial (a continuaci\u00f3n)<\/li>\n<li><i class=\"fa fa-plus\"><\/i>Los carteles de APOYO AL AUMENTO est\u00e1n disponibles en People&#039;s Church of the Harvest, 3570 W. 5th Ave., de lunes a viernes, de 9 a. m. a 3 p. m. Llama al (773) 531-4411<\/li>\n<\/ul>\n<\/div><\/div><\/div><\/div><\/div><\/div><\/div><\/div><\/div><div class=\"vc_row row-internal row-container\" id=\"how-to-sat-prayer\"><div class=\"row row-child\"><div class=\"wpb_row row-inner\"><div class=\"wpb_column pos-top pos-center align_center column_child col-lg-12 one-internal-gutter\"><div class=\"uncol style-spec style-dark\" ><div class=\"uncoltable\"><div class=\"uncell no-block-padding  unradius-std\" ><div class=\"uncont\" ><span class=\"btn-container\" ><a role=\"button\"  href=\"https:\/\/chiunitepray.com\/wp-content\/uploads\/2021\/05\/SUPPORT-THE-SURGE-Website-Details.pdf\" class=\"custom-link btn btn-sm border-width-0 btn-default btn-icon-left\" target=\"_blank\">Apoyar la sobretensi\u00f3n Detalles PDF<\/a><\/span><\/div><\/div><\/div><\/div><\/div><\/div><\/div><\/div><div class=\"empty-space empty-quart\" ><span class=\"empty-space-inner\"><\/span><\/div>\n<\/div><\/div><\/div><\/div><\/div><script id=\"script-row-unique-3\" data-row=\"script-row-unique-3\" type=\"text\/javascript\" class=\"vc_controls\">UNCODE.initRow(document.getElementById(\"row-unique-3\"));<\/script><\/div><\/div><\/div><div data-parent=\"true\" class=\"vc_row has-bg need-focus style-color-177839-bg row-container\" id=\"row-unique-4\"><div class=\"row col-half-gutter double-top-padding double-bottom-padding single-h-padding limit-width row-parent\"><div class=\"wpb_row row-inner\"><div class=\"wpb_column pos-middle pos-center align_center column_parent col-lg-12 half-internal-gutter\"><div class=\"uncol style-spec style-dark\"  ><div class=\"uncoltable\"><div class=\"uncell\" ><div class=\"uncont no-block-padding col-custom-width\" style=\" max-width:900px;\" ><div class=\"vc_custom_heading_wrap\"><div class=\"heading-text el-text\" ><h4 class=\"font-178627 h4 font-weight-700\" ><span><span style=\"font-weight: 400;\">\u00bfC\u00f3mo vas a participar en Oraci\u00f3n y Acci\u00f3n?<\/span><\/span><\/h4><\/div><div class=\"clear\"><\/div><\/div><div class=\"empty-space empty-quart\" ><span class=\"empty-space-inner\"><\/span><\/div>\n<span class=\"btn-container btn-inline btn-inline-mobile\" ><a role=\"button\"  href=\"https:\/\/pv.togetherchicago.com\/form\/5635\" class=\"custom-link btn btn-sm border-width-0 btn-color-jevc btn-square btn-icon-left\" target=\"_blank\">Reg\u00edstrese y obtenga actualizaciones<\/a><\/span><span class=\"btn-container btn-inline\" ><a role=\"button\"  href=\"https:\/\/pv.togetherchicago.com\/form\/3152\" class=\"custom-link btn btn-sm border-width-0 btn-default btn-square btn-icon-left\" target=\"_blank\">Anfitri\u00f3n de un Lugar de Oraci\u00f3n\/Acci\u00f3n<\/a><\/span><\/div><\/div><\/div><\/div><\/div><script id=\"script-row-unique-4\" data-row=\"script-row-unique-4\" type=\"text\/javascript\" class=\"vc_controls\">UNCODE.initRow(document.getElementById(\"row-unique-4\"));<\/script><\/div><\/div><\/div><div data-parent=\"true\" class=\"vc_row row-container onepage-section\" data-label=\"media\" data-name=\"media\" id=\"row-unique-5\"><div class=\"row col-half-gutter single-top-padding triple-bottom-padding single-h-padding limit-width row-parent\"><div class=\"wpb_row row-inner\"><div class=\"wpb_column pos-middle pos-center align_center column_parent col-lg-12 single-internal-gutter\"><div class=\"uncol style-light\"  ><div class=\"uncoltable\"><div class=\"uncell one-block-padding\" ><div class=\"uncont\" ><div class=\"vc_custom_heading_wrap\"><div class=\"heading-text el-text\" ><h4 class=\"font-178627 h4 font-weight-700\" ><span><span style=\"font-weight: 400;\">Redes sociales<\/span><\/span><\/h4><\/div><div class=\"clear\"><\/div><\/div><div class=\"uncode_text_column\" ><p>Por favor, dale me gusta \/ comparte \/ retuitea y usa <strong>#HandsAcrossChicago<\/strong><\/p>\n<\/div><div class=\"vc_row row-internal row-container\"><div class=\"row row-child\"><div class=\"wpb_row row-inner\"><div class=\"wpb_column pos-top pos-center align_center column_child col-lg-6 half-internal-gutter\"><div class=\"uncol style-light\" ><div class=\"uncoltable\"><div class=\"uncell no-block-padding\" ><div class=\"uncont\" ><div class=\"uncode_text_column\" ><\/p>\n<pre><span class='bctt-click-to-tweet'><span class='bctt-ctt-text'><a href=\"https:\/\/x.com\/intent\/tweet?url=https%3A%2F%2Fchiunitepray.com%2Fes%2F%3Fp%3D79481&#038;text=Stand%20together%20in%20united%20prayer%20and%20action%20for%20peace%20in%20Chicago%20on%20July%201-3.%20%23HandsAcrossChicago&#038;via=chiunitepray&#038;related=chiunitepray\" target=\"_blank\" rel=\"noopener noreferrer\">Mant\u00e9nganse unidos en oraci\u00f3n y acci\u00f3n unidas por la paz en Chicago del 1 al 3 de julio. #HhandsAcrossChicago <\/a><\/span><a href=\"https:\/\/x.com\/intent\/tweet?url=https%3A%2F%2Fchiunitepray.com%2Fes%2F%3Fp%3D79481&#038;text=Stand%20together%20in%20united%20prayer%20and%20action%20for%20peace%20in%20Chicago%20on%20July%201-3.%20%23HandsAcrossChicago&#038;via=chiunitepray&#038;related=chiunitepray\" target=\"_blank\" class=\"bctt-ctt-btn\" rel=\"noopener noreferrer\">Compartir en X<\/a><\/span><\/pre>\n<p>\n<\/div><\/div><\/div><\/div><\/div><\/div><div class=\"wpb_column pos-top pos-center align_center column_child col-lg-6 half-internal-gutter\"><div class=\"uncol style-light\" ><div class=\"uncoltable\"><div class=\"uncell no-block-padding\" ><div class=\"uncont\" >\n\t<div class=\"wpb_raw_code wpb_raw_html\" >\n\t\t<div class=\"wpb_wrapper\">\n\t\t\t<iframe src=\"https:\/\/www.facebook.com\/plugins\/page.php?href=https%3A%2F%2Fwww.facebook.com%2Fchicagolandunitedinprayer&tabs=events&width=340&height=496&small_header=false&adapt_container_width=true&hide_cover=false&show_facepile=true&appId=186678958058764\" width=\"100%\" height=\"496\" style=\"border:none;overflow:hidden\" scrolling=\"no\" frameborder=\"0\" allowtransparency=\"true\" allow=\"encrypted-media\"><\/iframe>\n\t\t<\/div>\n\t<\/div>\n<\/div><\/div><\/div><\/div><\/div><\/div><\/div><\/div><div class=\"uncode_text_column\" ><p>\u00bfPreguntas? Correo electr\u00f3nico <a href=\"mailto:info@chiunitepray.com\">info@chiunitepray.com<\/a><\/p>\n<\/div><\/div><\/div><\/div><\/div><\/div><script id=\"script-row-unique-5\" data-row=\"script-row-unique-5\" type=\"text\/javascript\" class=\"vc_controls\">UNCODE.initRow(document.getElementById(\"row-unique-5\"));<\/script><\/div><\/div><\/div><div data-parent=\"true\" class=\"vc_row has-bg need-focus style-color-jevc-bg row-container\" id=\"row-unique-6\"><div class=\"row col-half-gutter double-top-padding double-bottom-padding single-h-padding limit-width row-parent\"><div class=\"wpb_row row-inner\"><div class=\"wpb_column pos-middle pos-center align_center column_parent col-lg-12 half-internal-gutter\"><div class=\"uncol style-spec style-dark\"  ><div class=\"uncoltable\"><div class=\"uncell\" ><div class=\"uncont no-block-padding col-custom-width\" style=\" max-width:900px;\" ><div class=\"vc_custom_heading_wrap\"><div class=\"heading-text el-text\" ><h4 class=\"font-178627 h5 font-weight-700\" ><span><span style=\"font-weight: 400;\">Comparta testimonios y fotos de Hands Across Chicago 2022<\/span><\/span><\/h4><\/div><div class=\"clear\"><\/div><\/div><div class=\"empty-space empty-quart\" ><span class=\"empty-space-inner\"><\/span><\/div>\n<span class=\"btn-container btn-inline btn-inline-mobile\" ><a role=\"button\"  href=\"https:\/\/chiunitepray.com\/es\/share\/\" class=\"custom-link btn btn-sm border-width-0 btn-color-177839 btn-square btn-icon-left\" target=\"_blank\">Comparte testimonios y fotos<\/a><\/span><\/div><\/div><\/div><\/div><\/div><script id=\"script-row-unique-6\" data-row=\"script-row-unique-6\" type=\"text\/javascript\" class=\"vc_controls\">UNCODE.initRow(document.getElementById(\"row-unique-6\"));<\/script><\/div><\/div><\/div><div data-parent=\"true\" class=\"vc_row has-bg need-focus style-color-177839-bg row-container\" id=\"row-unique-7\"><div class=\"row limit-width row-parent\"><div class=\"wpb_row row-inner\"><div class=\"wpb_column pos-top pos-center align_left column_parent col-lg-12 single-internal-gutter\"><div class=\"uncol style-light\"  ><div class=\"uncoltable\"><div class=\"uncell no-block-padding\" ><div class=\"uncont\" ><div class=\"uncode-single-media  text-center\"><div class=\"single-wrapper\" style=\"max-width: 400px;\"><div class=\"tmb tmb-light  tmb-media-first tmb-media-last tmb-content-overlay tmb-no-bg\"><div class=\"t-inside\"><div class=\"t-entry-visual\"><div class=\"t-entry-visual-tc\"><div class=\"uncode-single-media-wrapper\"><img decoding=\"async\" class=\"wp-image-76430\" src=\"https:\/\/chiunitepray.com\/wp-content\/uploads\/2019\/03\/RHYTHMS-Summer-ENGAGEMENT-inverted-centered.png\" width=\"1369\" height=\"289\" alt=\"Chicagoland United in Prayer summer engagement rhythm\" srcset=\"https:\/\/chiunitepray.com\/wp-content\/uploads\/2019\/03\/RHYTHMS-Summer-ENGAGEMENT-inverted-centered.png 1369w, https:\/\/chiunitepray.com\/wp-content\/uploads\/2019\/03\/RHYTHMS-Summer-ENGAGEMENT-inverted-centered-300x63.png 300w, https:\/\/chiunitepray.com\/wp-content\/uploads\/2019\/03\/RHYTHMS-Summer-ENGAGEMENT-inverted-centered-768x162.png 768w, https:\/\/chiunitepray.com\/wp-content\/uploads\/2019\/03\/RHYTHMS-Summer-ENGAGEMENT-inverted-centered-1024x216.png 1024w\" sizes=\"(max-width: 1369px) 100vw, 1369px\" \/><\/div>\n\t\t\t\t\t<\/div>\n\t\t\t\t<\/div><\/div><\/div><\/div><\/div><\/div><\/div><\/div><\/div><\/div><script id=\"script-row-unique-7\" data-row=\"script-row-unique-7\" type=\"text\/javascript\" class=\"vc_controls\">UNCODE.initRow(document.getElementById(\"row-unique-7\"));<\/script><\/div><\/div><\/div>\n<\/div>","protected":false},"excerpt":{"rendered":"Hands Across Chicago Fri, Jul 1 - Sun, Jul 3, 2022 Standing together in united prayer and action for peace [...]","protected":false},"author":1,"featured_media":79490,"parent":0,"menu_order":0,"comment_status":"closed","ping_status":"closed","template":"","meta":{"footnotes":""},"class_list":["post-79481","page","type-page","status-publish","has-post-thumbnail","hentry"],"_links":{"self":[{"href":"https:\/\/chiunitepray.com\/es\/wp-json\/wp\/v2\/pages\/79481","targetHints":{"allow":["GET"]}}],"collection":[{"href":"https:\/\/chiunitepray.com\/es\/wp-json\/wp\/v2\/pages"}],"about":[{"href":"https:\/\/chiunitepray.com\/es\/wp-json\/wp\/v2\/types\/page"}],"author":[{"embeddable":true,"href":"https:\/\/chiunitepray.com\/es\/wp-json\/wp\/v2\/users\/1"}],"replies":[{"embeddable":true,"href":"https:\/\/chiunitepray.com\/es\/wp-json\/wp\/v2\/comments?post=79481"}],"version-history":[{"count":0,"href":"https:\/\/chiunitepray.com\/es\/wp-json\/wp\/v2\/pages\/79481\/revisions"}],"wp:featuredmedia":[{"embeddable":true,"href":"https:\/\/chiunitepray.com\/es\/wp-json\/wp\/v2\/media\/79490"}],"wp:attachment":[{"href":"https:\/\/chiunitepray.com\/es\/wp-json\/wp\/v2\/media?parent=79481"}],"curies":[{"name":"gracias","href":"https:\/\/api.w.org\/{rel}","templated":true}]}}